
{"id":9151,"date":"2021-07-15T13:34:14","date_gmt":"2021-07-15T13:34:14","guid":{"rendered":"https:\/\/smfoods.pt\/?page_id=9151"},"modified":"2023-05-25T16:53:35","modified_gmt":"2023-05-25T16:53:35","slug":"envios-e-devolucoes","status":"publish","type":"page","link":"https:\/\/smfoods.pt\/loja\/envios-e-devolucoes\/","title":{"rendered":"Envios e Devolu\u00e7\u00f5es"},"content":{"rendered":"\t\t<div data-elementor-type=\"wp-page\" data-elementor-id=\"9151\" class=\"elementor elementor-9151\">\n\t\t\t\t\t\t<section class=\"elementor-section elementor-top-section elementor-element elementor-element-28d6d7d0 elementor-section-boxed elementor-section-height-default elementor-section-height-default\" data-id=\"28d6d7d0\" data-element_type=\"section\" data-e-type=\"section\">\n\t\t\t\t\t\t<div class=\"elementor-container elementor-column-gap-default\">\n\t\t\t\t\t<div class=\"elementor-column elementor-col-100 elementor-top-column elementor-element elementor-element-1cb07ee6\" data-id=\"1cb07ee6\" data-element_type=\"column\" data-e-type=\"column\">\n\t\t\t<div class=\"elementor-widget-wrap elementor-element-populated\">\n\t\t\t\t\t\t<div class=\"elementor-element elementor-element-430b9ef7 elementor-widget elementor-widget-text-editor\" data-id=\"430b9ef7\" data-element_type=\"widget\" data-e-type=\"widget\" data-widget_type=\"text-editor.default\">\n\t\t\t\t<div class=\"elementor-widget-container\">\n\t\t\t\t\t\t\t\t\t<h3>ENVIOS<\/h3><p>A Sousa e Morgado disponibiliza envios tabelados por transportadora para Portugal Continental. Envios para os A\u00e7ores e Madeira t\u00eam de ser avaliados individualmente.<\/p><p>Todas as encomendas s\u00f3 ser\u00e3o enviadas ap\u00f3s boa cobran\u00e7a de pagamento, seja o mesmo efetuado por MBWay, Refer\u00eancia Multibanco ou Transfer\u00eancia.<\/p><p>Todas as encomendas de valor superior a 60\u20ac (iva inclu\u00eddo) usufruem de Portes Gr\u00e1tis <strong><span style=\"text-decoration: underline;\">na Zona do Grande Porto<\/span><\/strong>.<\/p><p>Para encomendas de valor inferior a 60\u20ac acresce, como acima indicado, o valor do envio, regido pela seguinte tabela para c\u00f3digos postais do 1000 ao 8999:<\/p><ul><li>Encomendas at\u00e9 5kg \u2013 5\u20ac<\/li><li>Encomendas com mais de 5kg \u2013 sob or\u00e7amento<\/li><\/ul><div>Todos os pre\u00e7os indicados, j\u00e1 com IVA.<\/div><h3>ENTREGAS<\/h3><p>O prazo de entrega das encomendas \u00e9 de 48 horas ap\u00f3s a expedi\u00e7\u00e3o. Fica \u00e0 responsabilidade do cliente receber a encomenda na morada indicada no momento da entrega. A falha na rece\u00e7\u00e3o implica uma nova entrega a realizar-se entre 24 a 48horas e com valor acrescentado de 4.00\u20ac (iva inclu\u00eddo) a ser cobrado ao cliente.<\/p><p>Devido ao COVID-19 as entregas de produtos Congelados e Frescos s\u00f3 est\u00e3o assegurados nos distritos de Viana do Castelo, Braga, Porto e Aveiro.<\/p><p>Todas as entregas de produtos frescos e congelados s\u00e3o realizadas nas condi\u00e7\u00f5es especiais de conserva\u00e7\u00e3o, ou seja \u00e9 mantida a cadeia de frio, pelo que \u00e9 assegurado o controlo da temperatura em todas as fazes at\u00e9 \u00e0 entrega em sua casa.<\/p><table style=\"padding: 0px; margin-bottom: 20px; max-width: 100%; width: 1140px; color: #303030; font-family: Raleway, sans-serif; font-size: 13px;\" width=\"1120\"><tbody style=\"padding: 0px; margin: 0px;\"><tr style=\"padding: 0px; margin: 0px;\"><td style=\"padding: 8px; margin: 0px; line-height: 20px; vertical-align: middle; border-top-width: 1px; border-top-color: #efefef;\" colspan=\"3\" width=\"1120\"><span style=\"padding: 0px; margin: 0px; font-weight: bold;\">\u00a0\u00a0\u00a0\u00a0\u00a0\u00a0\u00a0\u00a0 PLANO DE DISTRIBUI\u00c7\u00c3O<\/span><\/td><\/tr><tr style=\"padding: 0px; margin: 0px;\"><td style=\"padding: 8px; margin: 0px; line-height: 20px; vertical-align: middle; border-top-width: 1px; border-top-color: #efefef;\" width=\"555\"><span style=\"padding: 0px; margin: 0px; font-weight: bold;\">ZONA<\/span><\/td><td style=\"padding: 8px; margin: 0px; line-height: 20px; vertical-align: middle; border-top-width: 1px; border-top-color: #efefef;\" width=\"290\"><span style=\"padding: 0px; margin: 0px; font-weight: bold;\">DIA DISTRIBUI\u00c7\u00c3O<\/span><\/td><td style=\"padding: 8px; margin: 0px; line-height: 20px; vertical-align: middle; border-top-width: 1px; border-top-color: #efefef;\" width=\"274\"><span style=\"padding: 0px; margin: 0px; font-weight: bold;\">PERIOCIDADE<\/span><\/td><\/tr><tr style=\"padding: 0px; margin: 0px;\"><td style=\"padding: 8px; margin: 0px; line-height: 20px; vertical-align: middle; border-top-width: 1px; border-top-color: #efefef;\" width=\"555\">Porto<\/td><td style=\"padding: 8px; margin: 0px; line-height: 20px; vertical-align: middle; border-top-width: 1px; border-top-color: #efefef;\" width=\"290\">2\u00aa, 4\u00aa e 6\u00aa Feira<\/td><td style=\"padding: 8px; margin: 0px; line-height: 20px; vertical-align: middle; border-top-width: 1px; border-top-color: #efefef;\" width=\"274\">Semanal<\/td><\/tr><tr style=\"padding: 0px; margin: 0px;\"><td style=\"padding: 8px; margin: 0px; line-height: 20px; vertical-align: middle; border-top-width: 1px; border-top-color: #efefef;\" width=\"555\">Matosinhos \/ Lavra \/ Le\u00e7a da Palmeira\/ Le\u00e7a Balio \/\u00a0\u00a0S. Mamede \/ Maia<\/td><td style=\"padding: 8px; margin: 0px; line-height: 20px; vertical-align: middle; border-top-width: 1px; border-top-color: #efefef;\" width=\"290\">3\u00aa Feira e 5\u00aa Feira<\/td><td style=\"padding: 8px; margin: 0px; line-height: 20px; vertical-align: middle; border-top-width: 1px; border-top-color: #efefef;\" width=\"274\">Semanal<\/td><\/tr><tr style=\"padding: 0px; margin: 0px;\"><td style=\"padding: 8px; margin: 0px; line-height: 20px; vertical-align: middle; border-top-width: 1px; border-top-color: #efefef;\" width=\"555\">V. N. Gaia<\/td><td style=\"padding: 8px; margin: 0px; line-height: 20px; vertical-align: middle; border-top-width: 1px; border-top-color: #efefef;\" width=\"290\">5\u00aa Feira<\/td><td style=\"padding: 8px; margin: 0px; line-height: 20px; vertical-align: middle; border-top-width: 1px; border-top-color: #efefef;\" width=\"274\">Semanal<\/td><\/tr><tr style=\"padding: 0px; margin: 0px;\"><td style=\"padding: 8px; margin: 0px; line-height: 20px; vertical-align: middle; border-top-width: 1px; border-top-color: #efefef;\" width=\"555\">Povoa do Varzim \/ Vila do Conde \/ Mindelo<\/td><td style=\"padding: 8px; margin: 0px; line-height: 20px; vertical-align: middle; border-top-width: 1px; border-top-color: #efefef;\" width=\"290\">4\u00aa\u00a0Feira\u00a0\u00a0e 6\u00aa Feira<\/td><td style=\"padding: 8px; margin: 0px; line-height: 20px; vertical-align: middle; border-top-width: 1px; border-top-color: #efefef;\" width=\"274\">Semanal<\/td><\/tr><tr style=\"padding: 0px; margin: 0px;\"><td style=\"padding: 8px; margin: 0px; line-height: 20px; vertical-align: middle; border-top-width: 1px; border-top-color: #efefef;\" width=\"555\">Braga \/ Vila Verde<\/td><td style=\"padding: 8px; margin: 0px; line-height: 20px; vertical-align: middle; border-top-width: 1px; border-top-color: #efefef;\" width=\"290\">3\u00aa Feira<\/td><td style=\"padding: 8px; margin: 0px; line-height: 20px; vertical-align: middle; border-top-width: 1px; border-top-color: #efefef;\" width=\"274\">Quinzenal<\/td><\/tr><tr style=\"padding: 0px; margin: 0px;\"><td style=\"padding: 8px; margin: 0px; line-height: 20px; vertical-align: middle; border-top-width: 1px; border-top-color: #efefef;\" width=\"555\">Ponte Lima \/ Ponte Barca \/ Valen\u00e7a \/ Arcos Valdevez<\/td><td style=\"padding: 8px; margin: 0px; line-height: 20px; vertical-align: middle; border-top-width: 1px; border-top-color: #efefef;\" width=\"290\">5\u00aa Feira<\/td><td style=\"padding: 8px; margin: 0px; line-height: 20px; vertical-align: middle; border-top-width: 1px; border-top-color: #efefef;\" width=\"274\">Semanal<\/td><\/tr><tr style=\"padding: 0px; margin: 0px;\"><td style=\"padding: 8px; margin: 0px; line-height: 20px; vertical-align: middle; border-top-width: 1px; border-top-color: #efefef;\" width=\"555\">Barcelos<\/td><td style=\"padding: 8px; margin: 0px; line-height: 20px; vertical-align: middle; border-top-width: 1px; border-top-color: #efefef;\" width=\"290\">5\u00aa Feira<\/td><td style=\"padding: 8px; margin: 0px; line-height: 20px; vertical-align: middle; border-top-width: 1px; border-top-color: #efefef;\" width=\"274\">Quinzenal<\/td><\/tr><tr style=\"padding: 0px; margin: 0px;\"><td style=\"padding: 8px; margin: 0px; line-height: 20px; vertical-align: middle; border-top-width: 1px; border-top-color: #efefef;\" width=\"555\">Guimar\u00e3es \/ Vizela \/ Vila das Aves<\/td><td style=\"padding: 8px; margin: 0px; line-height: 20px; vertical-align: middle; border-top-width: 1px; border-top-color: #efefef;\" width=\"290\">3\u00aa Feira e 5\u00aa Feira<\/td><td style=\"padding: 8px; margin: 0px; line-height: 20px; vertical-align: middle; border-top-width: 1px; border-top-color: #efefef;\" width=\"274\">Semanal<\/td><\/tr><tr style=\"padding: 0px; margin: 0px;\"><td style=\"padding: 8px; margin: 0px; line-height: 20px; vertical-align: middle; border-top-width: 1px; border-top-color: #efefef;\" width=\"555\">Fafe<\/td><td style=\"padding: 8px; margin: 0px; line-height: 20px; vertical-align: middle; border-top-width: 1px; border-top-color: #efefef;\" width=\"290\">3\u00aa Feira<\/td><td style=\"padding: 8px; margin: 0px; line-height: 20px; vertical-align: middle; border-top-width: 1px; border-top-color: #efefef;\" width=\"274\">Quinzenal<\/td><\/tr><tr style=\"padding: 0px; margin: 0px;\"><td style=\"padding: 8px; margin: 0px; line-height: 20px; vertical-align: middle; border-top-width: 1px; border-top-color: #efefef;\" width=\"555\">V. N. Famalic\u00e3o<\/td><td style=\"padding: 8px; margin: 0px; line-height: 20px; vertical-align: middle; border-top-width: 1px; border-top-color: #efefef;\" width=\"290\">3\u00aa Feira e 5\u00aa Feira<\/td><td style=\"padding: 8px; margin: 0px; line-height: 20px; vertical-align: middle; border-top-width: 1px; border-top-color: #efefef;\" width=\"274\">Semanal<\/td><\/tr><tr style=\"padding: 0px; margin: 0px;\"><td style=\"padding: 8px; margin: 0px; line-height: 20px; vertical-align: middle; border-top-width: 1px; border-top-color: #efefef;\" width=\"555\">Trofa \/ Santo Tirso<\/td><td style=\"padding: 8px; margin: 0px; line-height: 20px; vertical-align: middle; border-top-width: 1px; border-top-color: #efefef;\" width=\"290\">4\u00aa Feira<\/td><td style=\"padding: 8px; margin: 0px; line-height: 20px; vertical-align: middle; border-top-width: 1px; border-top-color: #efefef;\" width=\"274\">Semanal<\/td><\/tr><tr style=\"padding: 0px; margin: 0px;\"><td style=\"padding: 8px; margin: 0px; line-height: 20px; vertical-align: middle; border-top-width: 1px; border-top-color: #efefef;\" width=\"555\">\u00a0Amarante \/ Celorico \/ Mondim de Bastos \/ Lixa \/ Felgueiras<\/td><td style=\"padding: 8px; margin: 0px; line-height: 20px; vertical-align: middle; border-top-width: 1px; border-top-color: #efefef;\" width=\"290\">6\u00aa Feira<\/td><td style=\"padding: 8px; margin: 0px; line-height: 20px; vertical-align: middle; border-top-width: 1px; border-top-color: #efefef;\" width=\"274\">Quinzenal<\/td><\/tr><tr style=\"padding: 0px; margin: 0px;\"><td style=\"padding: 8px; margin: 0px; line-height: 20px; vertical-align: middle; border-top-width: 1px; border-top-color: #efefef;\" width=\"555\">Marco de Canaveses \/ Bai\u00e3o<\/td><td style=\"padding: 8px; margin: 0px; line-height: 20px; vertical-align: middle; border-top-width: 1px; border-top-color: #efefef;\" width=\"290\">6\u00aa Feira<\/td><td style=\"padding: 8px; margin: 0px; line-height: 20px; vertical-align: middle; border-top-width: 1px; border-top-color: #efefef;\" width=\"274\">Quinzenal<\/td><\/tr><tr style=\"padding: 0px; margin: 0px;\"><td style=\"padding: 8px; margin: 0px; line-height: 20px; vertical-align: middle; border-top-width: 1px; border-top-color: #efefef;\" width=\"555\">Freamunde \/ Lousada \/ Pa\u00e7os de Ferreira<\/td><td style=\"padding: 8px; margin: 0px; line-height: 20px; vertical-align: middle; border-top-width: 1px; border-top-color: #efefef;\" width=\"290\">4\u00aa Feira e 6\u00aa Feira<\/td><td style=\"padding: 8px; margin: 0px; line-height: 20px; vertical-align: middle; border-top-width: 1px; border-top-color: #efefef;\" width=\"274\">Semanal<\/td><\/tr><tr style=\"padding: 0px; margin: 0px;\"><td style=\"padding: 8px; margin: 0px; line-height: 20px; vertical-align: middle; border-top-width: 1px; border-top-color: #efefef;\" width=\"555\">Rio Tinto \/ Gondomar<\/td><td style=\"padding: 8px; margin: 0px; line-height: 20px; vertical-align: middle; border-top-width: 1px; border-top-color: #efefef;\" width=\"290\">2\u00aa, 3\u00aa e 6\u00aa Feira<\/td><td style=\"padding: 8px; margin: 0px; line-height: 20px; vertical-align: middle; border-top-width: 1px; border-top-color: #efefef;\" width=\"274\">Semanal<\/td><\/tr><tr style=\"padding: 0px; margin: 0px;\"><td style=\"padding: 8px; margin: 0px; line-height: 20px; vertical-align: middle; border-top-width: 1px; border-top-color: #efefef;\" width=\"555\">Mon\u00e7\u00e3o \/ Paredes de Coura\u00a0\u00a0<\/td><td style=\"padding: 8px; margin: 0px; line-height: 20px; vertical-align: middle; border-top-width: 1px; border-top-color: #efefef;\" width=\"290\">5\u00aa Feira<\/td><td style=\"padding: 8px; margin: 0px; line-height: 20px; vertical-align: middle; border-top-width: 1px; border-top-color: #efefef;\" width=\"274\">Quinzenal<\/td><\/tr><tr style=\"padding: 0px; margin: 0px;\"><td style=\"padding: 8px; margin: 0px; line-height: 20px; vertical-align: middle; border-top-width: 1px; border-top-color: #efefef;\" width=\"555\">Viana do Castelo<\/td><td style=\"padding: 8px; margin: 0px; line-height: 20px; vertical-align: middle; border-top-width: 1px; border-top-color: #efefef;\" width=\"290\">5\u00aa Feira ou 6\u00ba Feira<\/td><td style=\"padding: 8px; margin: 0px; line-height: 20px; vertical-align: middle; border-top-width: 1px; border-top-color: #efefef;\" width=\"274\">Semanal<\/td><\/tr><tr style=\"padding: 0px; margin: 0px;\"><td style=\"padding: 8px; margin: 0px; line-height: 20px; vertical-align: middle; border-top-width: 1px; border-top-color: #efefef;\" width=\"555\">\u00a0<\/td><td style=\"padding: 8px; margin: 0px; line-height: 20px; vertical-align: middle; border-top-width: 1px; border-top-color: #efefef;\" width=\"290\">\u00a0<\/td><td style=\"padding: 8px; margin: 0px; line-height: 20px; vertical-align: middle; border-top-width: 1px; border-top-color: #efefef;\" width=\"274\">\u00a0<\/td><\/tr><\/tbody><\/table><p><em>Os dias estabelecidos podem ser alterados sempre que as circunst\u00e2ncias o exijam.<\/em><\/p><p><span style=\"color: var(--mf-dark-color); font-family: inherit; font-size: 24px; font-weight: bold;\">TROCAS E DEVOLU\u00c7\u00d5ES<\/span><\/p><p>S\u00e3o aceites trocas ou devolu\u00e7\u00f5es no prazo m\u00e1ximo de 14 dias ap\u00f3s a data de fatura, desde que os produtos se encontrem nas mesmas condi\u00e7\u00f5es em que foram vendidos, ou seja, fechados e na embalagem original (com pelicula de prote\u00e7\u00e3o) e acompanhados de todos os acess\u00f3rios que o constituem quando aplic\u00e1vel.<\/p><p>N\u00e3o se encontram abrangidos produtos personalizados e ou produtos cujas caracter\u00edsticas tenham sido alteradas.<\/p><p>M\u00e9todo de devolu\u00e7\u00e3o ou troca:<\/p><ul><li>Contactar a Smfoods por e-mail escritorio@smfoods.com ou telefone atrav\u00e9s do 224 80 96 06;<\/li><li>Ter \u00e0 m\u00e3o a fatura da sua encomenda;<\/li><li>Entregar o produto na loja f\u00edsica ou enviar por transportadora quando previamente acordado com a Smfoods.<\/li><\/ul><p>O custo da transportadora numa devolu\u00e7\u00e3o \u00e9 a responsabilidade do cliente.<\/p><h3>REEMBOLSOS<\/h3><p>O reembolso (excluindo os custos da entrega) ser\u00e1 efetuado no prazo de 14 dias atrav\u00e9s de transfer\u00eancia banc\u00e1ria.\u00a0<\/p>\t\t\t\t\t\t\t\t<\/div>\n\t\t\t\t<\/div>\n\t\t\t\t\t<\/div>\n\t\t<\/div>\n\t\t\t\t\t<\/div>\n\t\t<\/section>\n\t\t\t\t<\/div>\n\t\t","protected":false},"excerpt":{"rendered":"<p>ENVIOS A Sousa e Morgado disponibiliza envios tabelados por transportadora para Portugal Continental. Envios para os A\u00e7ores e Madeira t\u00eam de ser avaliados individualmente. Todas as encomendas s\u00f3 ser\u00e3o enviadas ap\u00f3s boa cobran\u00e7a de pagamento, seja o mesmo efetuado por MBWay, Refer\u00eancia Multibanco ou Transfer\u00eancia. Todas as encomendas de valor superior a 60\u20ac (iva inclu\u00eddo)&hellip;<\/p>\n","protected":false},"author":77,"featured_media":0,"parent":0,"menu_order":0,"comment_status":"closed","ping_status":"closed","template":"","meta":{"footnotes":""},"class_list":["post-9151","page","type-page","status-publish","hentry"],"_links":{"self":[{"href":"https:\/\/smfoods.pt\/loja\/wp-json\/wp\/v2\/pages\/9151","targetHints":{"allow":["GET"]}}],"collection":[{"href":"https:\/\/smfoods.pt\/loja\/wp-json\/wp\/v2\/pages"}],"about":[{"href":"https:\/\/smfoods.pt\/loja\/wp-json\/wp\/v2\/types\/page"}],"author":[{"embeddable":true,"href":"https:\/\/smfoods.pt\/loja\/wp-json\/wp\/v2\/users\/77"}],"replies":[{"embeddable":true,"href":"https:\/\/smfoods.pt\/loja\/wp-json\/wp\/v2\/comments?post=9151"}],"version-history":[{"count":6,"href":"https:\/\/smfoods.pt\/loja\/wp-json\/wp\/v2\/pages\/9151\/revisions"}],"predecessor-version":[{"id":71966,"href":"https:\/\/smfoods.pt\/loja\/wp-json\/wp\/v2\/pages\/9151\/revisions\/71966"}],"wp:attachment":[{"href":"https:\/\/smfoods.pt\/loja\/wp-json\/wp\/v2\/media?parent=9151"}],"curies":[{"name":"wp","href":"https:\/\/api.w.org\/{rel}","templated":true}]}}